{"id":82096,"date":"2020-05-23T13:23:04","date_gmt":"2020-05-23T13:23:04","guid":{"rendered":"https:\/\/www.schlosstorgelow.de\/videos\/schlossgefluester-podcast-partie-5"},"modified":"2026-01-10T16:55:06","modified_gmt":"2026-01-10T16:55:06","slug":"schlossgefluester-podcast-partie-5","status":"publish","type":"videos","link":"https:\/\/www.schlosstorgelow.de\/fr\/videos\/schlossgefluester-podcast-partie-5","title":{"rendered":"Schlossgefl\u00fcster-Podcast Partie 5"},"content":{"rendered":"\n<p>Le podcast \u00ab Schlossgefl\u00fcster \u00bb est une \u00ab bonne nouvelle \u00bb : Marie, notre responsable Instagram, ancienne \u00e9l\u00e8ve et mentor, et son ami Simon partagent leurs exp\u00e9riences de quarantaine actuelles, parlent de l&rsquo;internat, de la vie et des \u00e9v\u00e9nements r\u00e9cents.<\/p>\n\n<p>Dans le cinqui\u00e8me \u00e9pisode de leur podcast \u00ab Schlossgefl\u00fcster \u00bb, Marie et Simon ont invit\u00e9 un invit\u00e9 sp\u00e9cial. Ils accueillent Carla Vest, ancienne \u00e9l\u00e8ve (baccalaur\u00e9at 2016) au Schloss Torgelow et \u00e9tudiante en droit en sixi\u00e8me semestre \u00e0 l&rsquo;Universit\u00e9 de Heidelberg. Carla inaugure la nouvelle rubrique \u00ab Raconte&#8230; \u00bb. Elle r\u00e9pond aux questions des abonn\u00e9s Instagram de Schloss Torgelow et parle de son exp\u00e9rience en droit. En outre, Simon explique d&rsquo;o\u00f9 vient le proverbe\/l&rsquo;expression \u00ab Jusqu&rsquo;\u00e0 pas d&rsquo;heure \u00bb &#8211; qui, comme Carla, vient de Berlin.    <\/p>\n\n<p>Cliquez et \u00e9coutez : <a href=\"https:\/\/soundcloud.com\/user-596007231\/folge-5-erzahl-mal-teil-1\" title=\"Ouvre le lien interne dans la fen&#xEA;tre actuelle.\">Schlossgefl\u00fcster \u00c9pisode 5<\/a><\/p>\n","protected":false},"excerpt":{"rendered":"<p>Schlossgefl\u00fcster-Podcast Partie 5<\/p>\n","protected":false},"author":1,"featured_media":68655,"template":"","meta":{"_acf_changed":false},"class_list":["post-82096","videos","type-videos","status-publish","has-post-thumbnail"],"acf":[],"yoast_head":"<!-- This site is optimized with the Yoast SEO plugin v26.9 - https:\/\/yoast.com\/product\/yoast-seo-wordpress\/ -->\n<title>Schlossgefl\u00fcster-Podcast Partie 5 - Schloss Torgelow<\/title>\n<meta name=\"description\" content=\"Schlossgefl\u00fcster Podcast Partie 5 : Marie et Simon parlent avec l&#039;ancienne \u00e9l\u00e8ve Carla Vest de ses \u00e9tudes de droit. Et que signifie \u00ab Bis in die Puppen \u00bb ?\" \/>\n<meta name=\"robots\" content=\"index, follow, max-snippet:-1, max-image-preview:large, max-video-preview:-1\" \/>\n<link rel=\"canonical\" href=\"https:\/\/www.schlosstorgelow.de\/fr\/videos\/schlossgefluester-podcast-partie-5\" \/>\n<meta property=\"og:locale\" content=\"fr_FR\" \/>\n<meta property=\"og:type\" content=\"article\" \/>\n<meta property=\"og:title\" content=\"Schlossgefl\u00fcster-Podcast Partie 5 - Schloss Torgelow\" \/>\n<meta property=\"og:description\" content=\"Schlossgefl\u00fcster Podcast Partie 5 : Marie et Simon parlent avec l&#039;ancienne \u00e9l\u00e8ve Carla Vest de ses \u00e9tudes de droit. Et que signifie \u00ab Bis in die Puppen \u00bb ?\" \/>\n<meta property=\"og:url\" content=\"https:\/\/www.schlosstorgelow.de\/fr\/videos\/schlossgefluester-podcast-partie-5\" \/>\n<meta property=\"og:site_name\" content=\"Schloss Torgelow\" \/>\n<meta property=\"article:modified_time\" content=\"2026-01-10T16:55:06+00:00\" \/>\n<meta name=\"twitter:card\" content=\"summary_large_image\" \/>\n<meta name=\"twitter:label1\" content=\"Dur\u00e9e de lecture estim\u00e9e\" \/>\n\t<meta name=\"twitter:data1\" content=\"1 minute\" \/>\n<script type=\"application\/ld+json\" class=\"yoast-schema-graph\">{\"@context\":\"https:\/\/schema.org\",\"@graph\":[{\"@type\":\"WebPage\",\"@id\":\"https:\/\/www.schlosstorgelow.de\/fr\/videos\/schlossgefluester-podcast-partie-5#webpage\",\"url\":\"https:\/\/www.schlosstorgelow.de\/fr\/videos\/schlossgefluester-podcast-partie-5\",\"name\":\"Schlossgefl\u00fcster-Podcast Partie 5 - Schloss Torgelow\",\"isPartOf\":{\"@id\":\"https:\/\/www.schlosstorgelow.de\/fr#website\"},\"primaryImageOfPage\":{\"@id\":\"https:\/\/www.schlosstorgelow.de\/fr\/videos\/schlossgefluester-podcast-partie-5#primaryimage\"},\"image\":{\"@id\":\"https:\/\/www.schlosstorgelow.de\/fr\/videos\/schlossgefluester-podcast-partie-5#primaryimage\"},\"thumbnailUrl\":\"https:\/\/www.schlosstorgelow.de\/wp-content\/uploads\/2020\/05\/schlossgefluester-podcast-teil5.avif\",\"datePublished\":\"2020-05-23T13:23:04+00:00\",\"dateModified\":\"2026-01-10T16:55:06+00:00\",\"description\":\"Schlossgefl\u00fcster Podcast Partie 5 : Marie et Simon parlent avec l'ancienne \u00e9l\u00e8ve Carla Vest de ses \u00e9tudes de droit. Et que signifie \u00ab Bis in die Puppen \u00bb ?\",\"breadcrumb\":{\"@id\":\"https:\/\/www.schlosstorgelow.de\/fr\/videos\/schlossgefluester-podcast-partie-5#breadcrumb\"},\"inLanguage\":\"fr-FR\",\"potentialAction\":[{\"@type\":\"ReadAction\",\"target\":[\"https:\/\/www.schlosstorgelow.de\/fr\/videos\/schlossgefluester-podcast-partie-5\"]}]},{\"@type\":\"ImageObject\",\"inLanguage\":\"fr-FR\",\"@id\":\"https:\/\/www.schlosstorgelow.de\/fr\/videos\/schlossgefluester-podcast-partie-5#primaryimage\",\"url\":\"https:\/\/www.schlosstorgelow.de\/wp-content\/uploads\/2020\/05\/schlossgefluester-podcast-teil5.avif\",\"contentUrl\":\"https:\/\/www.schlosstorgelow.de\/wp-content\/uploads\/2020\/05\/schlossgefluester-podcast-teil5.avif\",\"width\":1920,\"height\":1080,\"caption\":\"Schlossgefl\u00fcster-Podcast Partie 5\"},{\"@type\":\"BreadcrumbList\",\"@id\":\"https:\/\/www.schlosstorgelow.de\/fr\/videos\/schlossgefluester-podcast-partie-5#breadcrumb\",\"itemListElement\":[{\"@type\":\"ListItem\",\"position\":1,\"name\":\"Startseite\",\"item\":\"https:\/\/www.schlosstorgelow.de\/fr\"},{\"@type\":\"ListItem\",\"position\":2,\"name\":\"Schlossgefl\u00fcster-Podcast Partie 5\"}]},{\"@type\":\"WebSite\",\"@id\":\"https:\/\/www.schlosstorgelow.de\/fr#website\",\"url\":\"https:\/\/www.schlosstorgelow.de\/fr\",\"name\":\"Schloss Torgelow\",\"description\":\"Le lyc\u00e9e priv\u00e9 Schloss Torgelow \u2013 l'internat pour les \u00e9l\u00e8ves en qu\u00eate de d\u00e9fis.\",\"potentialAction\":[{\"@type\":\"SearchAction\",\"target\":{\"@type\":\"EntryPoint\",\"urlTemplate\":\"https:\/\/www.schlosstorgelow.de\/fr?s={search_term_string}\"},\"query-input\":{\"@type\":\"PropertyValueSpecification\",\"valueRequired\":true,\"valueName\":\"search_term_string\"}}],\"inLanguage\":\"fr-FR\"}]}<\/script>\n<!-- \/ Yoast SEO plugin. -->","yoast_head_json":{"title":"Schlossgefl\u00fcster-Podcast Partie 5 - Schloss Torgelow","description":"Schlossgefl\u00fcster Podcast Partie 5 : Marie et Simon parlent avec l'ancienne \u00e9l\u00e8ve Carla Vest de ses \u00e9tudes de droit. Et que signifie \u00ab Bis in die Puppen \u00bb ?","robots":{"index":"index","follow":"follow","max-snippet":"max-snippet:-1","max-image-preview":"max-image-preview:large","max-video-preview":"max-video-preview:-1"},"canonical":"https:\/\/www.schlosstorgelow.de\/fr\/videos\/schlossgefluester-podcast-partie-5","og_locale":"fr_FR","og_type":"article","og_title":"Schlossgefl\u00fcster-Podcast Partie 5 - Schloss Torgelow","og_description":"Schlossgefl\u00fcster Podcast Partie 5 : Marie et Simon parlent avec l'ancienne \u00e9l\u00e8ve Carla Vest de ses \u00e9tudes de droit. Et que signifie \u00ab Bis in die Puppen \u00bb ?","og_url":"https:\/\/www.schlosstorgelow.de\/fr\/videos\/schlossgefluester-podcast-partie-5","og_site_name":"Schloss Torgelow","article_modified_time":"2026-01-10T16:55:06+00:00","twitter_card":"summary_large_image","twitter_misc":{"Dur\u00e9e de lecture estim\u00e9e":"1 minute"},"schema":{"@context":"https:\/\/schema.org","@graph":[{"@type":"WebPage","@id":"https:\/\/www.schlosstorgelow.de\/fr\/videos\/schlossgefluester-podcast-partie-5#webpage","url":"https:\/\/www.schlosstorgelow.de\/fr\/videos\/schlossgefluester-podcast-partie-5","name":"Schlossgefl\u00fcster-Podcast Partie 5 - Schloss Torgelow","isPartOf":{"@id":"https:\/\/www.schlosstorgelow.de\/fr#website"},"primaryImageOfPage":{"@id":"https:\/\/www.schlosstorgelow.de\/fr\/videos\/schlossgefluester-podcast-partie-5#primaryimage"},"image":{"@id":"https:\/\/www.schlosstorgelow.de\/fr\/videos\/schlossgefluester-podcast-partie-5#primaryimage"},"thumbnailUrl":"https:\/\/www.schlosstorgelow.de\/wp-content\/uploads\/2020\/05\/schlossgefluester-podcast-teil5.avif","datePublished":"2020-05-23T13:23:04+00:00","dateModified":"2026-01-10T16:55:06+00:00","description":"Schlossgefl\u00fcster Podcast Partie 5 : Marie et Simon parlent avec l'ancienne \u00e9l\u00e8ve Carla Vest de ses \u00e9tudes de droit. Et que signifie \u00ab Bis in die Puppen \u00bb ?","breadcrumb":{"@id":"https:\/\/www.schlosstorgelow.de\/fr\/videos\/schlossgefluester-podcast-partie-5#breadcrumb"},"inLanguage":"fr-FR","potentialAction":[{"@type":"ReadAction","target":["https:\/\/www.schlosstorgelow.de\/fr\/videos\/schlossgefluester-podcast-partie-5"]}]},{"@type":"ImageObject","inLanguage":"fr-FR","@id":"https:\/\/www.schlosstorgelow.de\/fr\/videos\/schlossgefluester-podcast-partie-5#primaryimage","url":"https:\/\/www.schlosstorgelow.de\/wp-content\/uploads\/2020\/05\/schlossgefluester-podcast-teil5.avif","contentUrl":"https:\/\/www.schlosstorgelow.de\/wp-content\/uploads\/2020\/05\/schlossgefluester-podcast-teil5.avif","width":1920,"height":1080,"caption":"Schlossgefl\u00fcster-Podcast Partie 5"},{"@type":"BreadcrumbList","@id":"https:\/\/www.schlosstorgelow.de\/fr\/videos\/schlossgefluester-podcast-partie-5#breadcrumb","itemListElement":[{"@type":"ListItem","position":1,"name":"Startseite","item":"https:\/\/www.schlosstorgelow.de\/fr"},{"@type":"ListItem","position":2,"name":"Schlossgefl\u00fcster-Podcast Partie 5"}]},{"@type":"WebSite","@id":"https:\/\/www.schlosstorgelow.de\/fr#website","url":"https:\/\/www.schlosstorgelow.de\/fr","name":"Schloss Torgelow","description":"Le lyc\u00e9e priv\u00e9 Schloss Torgelow \u2013 l'internat pour les \u00e9l\u00e8ves en qu\u00eate de d\u00e9fis.","potentialAction":[{"@type":"SearchAction","target":{"@type":"EntryPoint","urlTemplate":"https:\/\/www.schlosstorgelow.de\/fr?s={search_term_string}"},"query-input":{"@type":"PropertyValueSpecification","valueRequired":true,"valueName":"search_term_string"}}],"inLanguage":"fr-FR"}]}},"block_visibility_meta":[],"_links":{"self":[{"href":"https:\/\/www.schlosstorgelow.de\/fr\/wp-json\/wp\/v2\/videos\/82096","targetHints":{"allow":["GET"]}}],"collection":[{"href":"https:\/\/www.schlosstorgelow.de\/fr\/wp-json\/wp\/v2\/videos"}],"about":[{"href":"https:\/\/www.schlosstorgelow.de\/fr\/wp-json\/wp\/v2\/types\/videos"}],"author":[{"embeddable":true,"href":"https:\/\/www.schlosstorgelow.de\/fr\/wp-json\/wp\/v2\/users\/1"}],"wp:featuredmedia":[{"embeddable":true,"href":"https:\/\/www.schlosstorgelow.de\/fr\/wp-json\/wp\/v2\/media\/68655"}],"wp:attachment":[{"href":"https:\/\/www.schlosstorgelow.de\/fr\/wp-json\/wp\/v2\/media?parent=82096"}],"curies":[{"name":"wp","href":"https:\/\/api.w.org\/{rel}","templated":true}]}}