{"id":83341,"date":"2025-07-21T21:59:35","date_gmt":"2025-07-21T19:59:35","guid":{"rendered":"https:\/\/www.schlosstorgelow.de\/communaute-scolaire-engages"},"modified":"2026-01-29T08:02:34","modified_gmt":"2026-01-29T07:02:34","slug":"communaute-scolaire-engages","status":"publish","type":"page","link":"https:\/\/www.schlosstorgelow.de\/fr\/communaute-scolaire-engages","title":{"rendered":"Communaut\u00e9 scolaire &amp; Engag\u00e9s"},"content":{"rendered":"\n<section     class=\"custom-theme-block page-header-section\">\n    <div class=\"container\">\n        <div class=\"row\">\n                                        <div class=\"col-12 col-lg-10 offset-lg-1\">\n                    <div class=\"image_wrapper\">\n                        \n<picture>\n            <source media=\"(max-width: 575.98px)\" srcset=\"https:\/\/www.schlosstorgelow.de\/wp-content\/uploads\/2025\/08\/schloss-torgelow-von-oben-seitenprofil.avif 320w, https:\/\/www.schlosstorgelow.de\/wp-content\/uploads\/2025\/08\/schloss-torgelow-von-oben-seitenprofil.avif 480w, https:\/\/www.schlosstorgelow.de\/wp-content\/uploads\/2025\/08\/schloss-torgelow-von-oben-seitenprofil.avif 640w, https:\/\/www.schlosstorgelow.de\/wp-content\/uploads\/2025\/08\/schloss-torgelow-von-oben-seitenprofil.avif 960w\" sizes=\"calc(100vw - 32px)\" type=\"image\/avif\">\n    \n            <source srcset=\"https:\/\/www.schlosstorgelow.de\/wp-content\/uploads\/2025\/08\/schloss-torgelow-von-oben-seitenprofil.avif 320w, https:\/\/www.schlosstorgelow.de\/wp-content\/uploads\/2025\/08\/schloss-torgelow-von-oben-seitenprofil.avif 480w, https:\/\/www.schlosstorgelow.de\/wp-content\/uploads\/2025\/08\/schloss-torgelow-von-oben-seitenprofil.avif 640w, https:\/\/www.schlosstorgelow.de\/wp-content\/uploads\/2025\/08\/schloss-torgelow-von-oben-seitenprofil.avif 720w, https:\/\/www.schlosstorgelow.de\/wp-content\/uploads\/2025\/08\/schloss-torgelow-von-oben-seitenprofil.avif 960w, https:\/\/www.schlosstorgelow.de\/wp-content\/uploads\/2025\/08\/schloss-torgelow-von-oben-seitenprofil.avif 1080w, https:\/\/www.schlosstorgelow.de\/wp-content\/uploads\/2025\/08\/schloss-torgelow-von-oben-seitenprofil.avif 1440w, https:\/\/www.schlosstorgelow.de\/wp-content\/uploads\/2025\/08\/schloss-torgelow-von-oben-seitenprofil.avif 1920w\" sizes=\"(min-width: 1710px) 1680px, (min-width: 1200px) 1140px, (min-width: 992px) 960px, (min-width: 768px) 720px, (min-width: 576px) 540px, calc(100vw - 32px)\" type=\"image\/avif\">\n    \n    \n    <img src=\"https:\/\/www.schlosstorgelow.de\/wp-content\/uploads\/2025\/08\/schloss-torgelow-von-oben-seitenprofil.avif\"\n         srcset=\"https:\/\/www.schlosstorgelow.de\/wp-content\/uploads\/2025\/08\/schloss-torgelow-von-oben-seitenprofil.avif 320w, https:\/\/www.schlosstorgelow.de\/wp-content\/uploads\/2025\/08\/schloss-torgelow-von-oben-seitenprofil.avif 480w, https:\/\/www.schlosstorgelow.de\/wp-content\/uploads\/2025\/08\/schloss-torgelow-von-oben-seitenprofil.avif 640w, https:\/\/www.schlosstorgelow.de\/wp-content\/uploads\/2025\/08\/schloss-torgelow-von-oben-seitenprofil.avif 720w, https:\/\/www.schlosstorgelow.de\/wp-content\/uploads\/2025\/08\/schloss-torgelow-von-oben-seitenprofil.avif 960w, https:\/\/www.schlosstorgelow.de\/wp-content\/uploads\/2025\/08\/schloss-torgelow-von-oben-seitenprofil.avif 1080w, https:\/\/www.schlosstorgelow.de\/wp-content\/uploads\/2025\/08\/schloss-torgelow-von-oben-seitenprofil.avif 1440w, https:\/\/www.schlosstorgelow.de\/wp-content\/uploads\/2025\/08\/schloss-torgelow-von-oben-seitenprofil.avif 1920w\"         sizes=\"(min-width: 1710px) 1680px, (min-width: 1200px) 1140px, (min-width: 992px) 960px, (min-width: 768px) 720px, (min-width: 576px) 540px, calc(100vw - 32px)\"         alt=\"Le campus du ch\u00e2teau de Torgelow\"\n         title=\"Le campus du ch\u00e2teau de Torgelow\"\n         width=\"1920\"\n         height=\"1080\"\n          loading=\"eager\" fetchpriority=\"high\" decoding=\"async\">\n<\/picture>\n                    <\/div>\n                <\/div>\n                    <\/div>\n    <\/div>\n            <div class=\"container\">\n            <div class=\"row\">\n                <div class=\"col-12 col-lg-6 offset-lg-6 col-xxl-4 offset-xxl-7 headlines\">\n                                            <p class=\"h4\">Schloss Torgelow : \u00c0 propos de nous<\/p>\n                                                                <h1 class=\"h2\">Communaut\u00e9 scolaire &amp; Engag\u00e9s<\/h1>\n                                    <\/div>\n            <\/div>\n        <\/div>\n                <div class=\"container\">\n            <div class=\"row\">\n                <div class=\"col-12 col-lg-10 offset-lg-1\">\n                    <div class=\"breadcrumbs\" itemscope itemtype=\"https:\/\/schema.org\/BreadcrumbList\">\n                        <span class=\"breadcrumbs__item\" itemprop=\"itemListElement\" itemscope itemtype=\"https:\/\/schema.org\/ListItem\">\n                            <a itemprop=\"item\" href=\"https:\/\/www.schlosstorgelow.de\/fr\">\n                                <span itemprop=\"name\">Schloss Torgelow : internat et lyc\u00e9e<\/span>\n                            <\/a>\n                            <meta itemprop=\"position\" content=\"1\" \/>\n                        <\/span>  \n                        <svg class=\"icon default-pagination-arrow \" role=\"presentation\"><use href=\"#default-pagination-arrow\"><\/use><\/svg>                                                            <span class=\"breadcrumbs__item\" itemprop=\"itemListElement\" itemscope itemtype=\"https:\/\/schema.org\/ListItem\">\n                                    <a itemprop=\"item\" href=\"https:\/\/www.schlosstorgelow.de\/fr\/famille-porteuse-direction\">\n                                        <span itemprop=\"name\">\n                                            Schloss Torgelow : \u00c0 propos de nous                                        <\/span>\n                                        <meta itemprop=\"position\" content=\"2\" \/>\n                                    <\/a>\n                                <\/span>\n                                                                            <svg class=\"icon default-pagination-arrow \" role=\"presentation\"><use href=\"#default-pagination-arrow\"><\/use><\/svg>                        <span class=\"breadcrumbs__item\" itemprop=\"itemListElement\" itemscope itemtype=\"https:\/\/schema.org\/ListItem\">\n                            <a itemprop=\"item\" href=\"https:\/\/www.schlosstorgelow.de\/fr\/communaute-scolaire-engages\" class=\"breadcrumbs__current\">\n                                <span itemprop=\"name\">\n                                                                            Communaut\u00e9 scolaire &amp; Engag\u00e9s \n                                                                    <\/span>\n                                <meta itemprop=\"position\" content=\"3\" \/>\n                            <\/a>\n                            <meta itemprop=\"position\" content=\"2\" \/>\n                        <\/span>\n                    <\/div>\n                <\/div>\n            <\/div>\n        <\/div>\n    <\/section>\n<section  class=\"custom-theme-block personal-block\">\n  <div class=\"container\">\n    <div class=\"personal-block__wrapper\">\n                <div class=\"row  white\" itemscope itemtype=\"https:\/\/schema.org\/Person\">\n            <div class=\"col-12 offset-lg-1 col-lg-3\">\n                  <span itemprop=\"worksFor\" itemscope itemtype=\"https:\/\/schema.org\/Organization\">\n        <meta itemprop=\"name\" content=\"Schloss Torgelow \u2013 Lyc\u00e9e priv\u00e9 avec internat\" \/>\n        <meta itemprop=\"url\" content=\"https:\/\/www.schlosstorgelow.de\/fr\" \/>\n    <\/span>\n                  <div class=\"personal-block__image\">\n                                  \n<picture>\n            <source media=\"(max-width: 575.98px)\" srcset=\"https:\/\/www.schlosstorgelow.de\/wp-content\/uploads\/2025\/08\/nicola-eisenbart-schloss-torgelow-320x320.avif 320w, https:\/\/www.schlosstorgelow.de\/wp-content\/uploads\/2025\/08\/nicola-eisenbart-schloss-torgelow-540x540.avif 540w, https:\/\/www.schlosstorgelow.de\/wp-content\/uploads\/2025\/08\/nicola-eisenbart-schloss-torgelow-640x640.avif 640w\" sizes=\"calc(100vw - 32px)\" type=\"image\/avif\">\n    \n            <source srcset=\"https:\/\/www.schlosstorgelow.de\/wp-content\/uploads\/2025\/08\/nicola-eisenbart-schloss-torgelow-320x320.avif 320w, https:\/\/www.schlosstorgelow.de\/wp-content\/uploads\/2025\/08\/nicola-eisenbart-schloss-torgelow-540x540.avif 540w, https:\/\/www.schlosstorgelow.de\/wp-content\/uploads\/2025\/08\/nicola-eisenbart-schloss-torgelow-640x640.avif 640w, https:\/\/www.schlosstorgelow.de\/wp-content\/uploads\/2025\/08\/nicola-eisenbart-schloss-torgelow-720x720.avif 720w, https:\/\/www.schlosstorgelow.de\/wp-content\/uploads\/2025\/08\/nicola-eisenbart-schloss-torgelow-1080x1080.avif 1080w, https:\/\/www.schlosstorgelow.de\/wp-content\/uploads\/2025\/08\/nicola-eisenbart-schloss-torgelow.avif 1280w\" sizes=\"(min-width: 768px) 720px, (min-width: 576px) 540px, calc(100vw - 32px)\" type=\"image\/avif\">\n    \n    \n    <img src=\"https:\/\/www.schlosstorgelow.de\/wp-content\/uploads\/2025\/08\/nicola-eisenbart-schloss-torgelow-720x720.avif\"\n         srcset=\"https:\/\/www.schlosstorgelow.de\/wp-content\/uploads\/2025\/08\/nicola-eisenbart-schloss-torgelow-320x320.avif 320w, https:\/\/www.schlosstorgelow.de\/wp-content\/uploads\/2025\/08\/nicola-eisenbart-schloss-torgelow-540x540.avif 540w, https:\/\/www.schlosstorgelow.de\/wp-content\/uploads\/2025\/08\/nicola-eisenbart-schloss-torgelow-640x640.avif 640w, https:\/\/www.schlosstorgelow.de\/wp-content\/uploads\/2025\/08\/nicola-eisenbart-schloss-torgelow-720x720.avif 720w, https:\/\/www.schlosstorgelow.de\/wp-content\/uploads\/2025\/08\/nicola-eisenbart-schloss-torgelow-1080x1080.avif 1080w, https:\/\/www.schlosstorgelow.de\/wp-content\/uploads\/2025\/08\/nicola-eisenbart-schloss-torgelow.avif 1280w\"         sizes=\"auto, (min-width: 768px) 720px, (min-width: 576px) 540px, calc(100vw - 32px)\"         alt=\"Nicola Eisenbart\"\n         title=\"Nicola Eisenbart\"\n         width=\"720\"\n         height=\"720\"\n          loading=\"lazy\" itemprop=\"image\" decoding=\"async\">\n<\/picture>\n                              <\/div>\n            <\/div>\n            <div class=\"col-12 offset-lg-1 col-lg-6 personal-block__group\">\n              <div class=\"personal-block__content\">\n                <div class=\"h3\" itemprop=\"name\">\n                  Nicola Eisenbart                <\/div>\n                <div class=\"personal-block__position\" itemprop=\"jobTitle\">\n                  Consultante sur les hautes comp\u00e9tences                <\/div>\n              <\/div>\n              <div class=\"personal-block__content personal-block__contacts\">\n                                    <a href=\"tel:+4939916240\">\n                        <svg class=\"icon default-phone \" role=\"presentation\"><use href=\"#default-phone\"><\/use><\/svg> <span itemprop=\"telephone\" content=\"+4939916240\">+49 3991 6240<\/span>\n                    <\/a>\n                                                    <a href=\"tel:+493991624211\">\n                        <svg class=\"icon default-fax \" role=\"presentation\"><use href=\"#default-fax\"><\/use><\/svg>                        <span itemprop=\"faxNumber\" content=\"+493991624211\">+49 3991 624211<\/span>\n                    <\/a>\n                                                    <a href=\"mailto:n.eisenbart@schlosstorgelow.de\">\n                        <svg class=\"icon default-icon_envelope \" role=\"presentation\"><use href=\"#default-icon_envelope\"><\/use><\/svg> \n                        <span itemprop=\"email\" content=\"n.eisenbart@schlosstorgelow.de\" class=\"nowrap\">n.eisenbart<wbr>@schlosstorgelow.de<\/span>\n                    <\/a>\n                              <\/div>\n                              <div class=\"personal-block__info\" itemprop=\"description\">\n                  Nicola Eisenbart est n\u00e9e le 06.12.1970 \u00e0 Kranenburg et est professeure de lyc\u00e9e en anglais et en g\u00e9ographie. Elle assume \u00e9galement le r\u00f4le d&rsquo;accompagnatrice et de conseill\u00e8re en psychologie des talents au Schloss Torgelow. \n\nElle propose \u00e0 nos \u00e9l\u00e8ves un coaching d&rsquo;apprentissage ax\u00e9 sur les ressources, un accompagnement des talents ainsi qu&rsquo;un conseil individuel orient\u00e9 vers les solutions.\n\nLa formation en auto-gestion est une cl\u00e9 pour le d\u00e9veloppement des talents et le renforcement des comp\u00e9tences personnelles d&rsquo;un \u00e9l\u00e8ve. Les conditions individuelles, en tant que sources de force de l&rsquo;enfant, sont au centre de cette d\u00e9marche. Cela inclut la transmission et l&rsquo;\u00e9l\u00e9vation des comp\u00e9tences sociales et, surtout, personnelles. Les forces individuelles du jeune sont encourag\u00e9es, permettant de surmonter les d\u00e9fis personnels et scolaires. Gr\u00e2ce au lien \u00e9troit entre l&rsquo;\u00e9cole et le internat, l&rsquo;\u00e9l\u00e8ve peut initier ses processus de leadership int\u00e9rieurs, de sorte que la motivation soit reconnue et que le plein potentiel puisse \u00eatre mis en \u0153uvre de mani\u00e8re r\u00e9aliste au quotidien.    \n\nFormations continues, entre autres :\n<ul>\n \t<li>Formation p\u00e9dagogique et psychologique BPLB et BPB du Centre Allemand pour la Recherche sur les Talents et la Promotion des Talents gGmbH (<a href=\"http:\/\/www.dzbf.de\/\" target=\"_blank\" rel=\"noopener\">www.dzbf.de<\/a>) pour l&rsquo;utilisation de l&rsquo;\u00e9valuation de la personnalit\u00e9 d&rsquo;Osnabr\u00fcck (TOP) selon le Prof. Dr. Julius Kuhl (Universit\u00e9 d&rsquo;Osnabr\u00fcck).<\/li>\n \t<li>Mod\u00e8le des Ressources de Zurich ZRM\u00a9 Cours de base pour conseillers, superviseurs et coachs<\/li>\n \t<li>Diagnostic de l&rsquo;intelligence avec l&rsquo;\u00e9chelle d&rsquo;intelligence de Wechsler pour enfants &#8211; quatri\u00e8me \u00e9dition (WISC-IV, anciennement HAWIK-IV) Pearson Talent Assessment GmbH<\/li>\n<\/ul>                <\/div>\n                          <\/div>\n          <\/div>\n                  <div class=\"row revers grey\" itemscope itemtype=\"https:\/\/schema.org\/Person\">\n            <div class=\"col-12 offset-lg-1 col-lg-3\">\n                  <span itemprop=\"worksFor\" itemscope itemtype=\"https:\/\/schema.org\/Organization\">\n        <meta itemprop=\"name\" content=\"Schloss Torgelow \u2013 Lyc\u00e9e priv\u00e9 avec internat\" \/>\n        <meta itemprop=\"url\" content=\"https:\/\/www.schlosstorgelow.de\/fr\" \/>\n    <\/span>\n                  <div class=\"personal-block__image\">\n                                  \n<picture>\n            <source media=\"(max-width: 575.98px)\" srcset=\"https:\/\/www.schlosstorgelow.de\/wp-content\/uploads\/2025\/08\/personen-koch-heeg-320x320.avif 320w, https:\/\/www.schlosstorgelow.de\/wp-content\/uploads\/2025\/08\/personen-koch-heeg-540x540.avif 540w, https:\/\/www.schlosstorgelow.de\/wp-content\/uploads\/2025\/08\/personen-koch-heeg.avif 640w\" sizes=\"calc(100vw - 32px)\" type=\"image\/avif\">\n    \n            <source srcset=\"https:\/\/www.schlosstorgelow.de\/wp-content\/uploads\/2025\/08\/personen-koch-heeg-320x320.avif 320w, https:\/\/www.schlosstorgelow.de\/wp-content\/uploads\/2025\/08\/personen-koch-heeg-540x540.avif 540w, https:\/\/www.schlosstorgelow.de\/wp-content\/uploads\/2025\/08\/personen-koch-heeg.avif 640w\" sizes=\"(min-width: 768px) 720px, (min-width: 576px) 540px, calc(100vw - 32px)\" type=\"image\/avif\">\n    \n    \n    <img src=\"https:\/\/www.schlosstorgelow.de\/wp-content\/uploads\/2025\/08\/personen-koch-heeg.avif\"\n         srcset=\"https:\/\/www.schlosstorgelow.de\/wp-content\/uploads\/2025\/08\/personen-koch-heeg-320x320.avif 320w, https:\/\/www.schlosstorgelow.de\/wp-content\/uploads\/2025\/08\/personen-koch-heeg-540x540.avif 540w, https:\/\/www.schlosstorgelow.de\/wp-content\/uploads\/2025\/08\/personen-koch-heeg.avif 640w\"         sizes=\"auto, (min-width: 768px) 720px, (min-width: 576px) 540px, calc(100vw - 32px)\"         alt=\"Jan Heeg\"\n         title=\"Jan Heeg\"\n         width=\"640\"\n         height=\"640\"\n          loading=\"lazy\" itemprop=\"image\" decoding=\"async\">\n<\/picture>\n                              <\/div>\n            <\/div>\n            <div class=\"col-12 offset-lg-1 col-lg-6 personal-block__group\">\n              <div class=\"personal-block__content\">\n                <div class=\"h3\" itemprop=\"name\">\n                  Jan Heeg                <\/div>\n                <div class=\"personal-block__position\" itemprop=\"jobTitle\">\n                  Chef de cuisine                <\/div>\n              <\/div>\n              <div class=\"personal-block__content personal-block__contacts\">\n                                    <a href=\"tel:+4939916240\">\n                        <svg class=\"icon default-phone \" role=\"presentation\"><use href=\"#default-phone\"><\/use><\/svg> <span itemprop=\"telephone\" content=\"+4939916240\">+49 3991 6240<\/span>\n                    <\/a>\n                                                    <a href=\"tel:+493991624211\">\n                        <svg class=\"icon default-fax \" role=\"presentation\"><use href=\"#default-fax\"><\/use><\/svg>                        <span itemprop=\"faxNumber\" content=\"+493991624211\">+49 3991 624211<\/span>\n                    <\/a>\n                                                    <a href=\"mailto:j.heeg@schlosstorgelow.de\">\n                        <svg class=\"icon default-icon_envelope \" role=\"presentation\"><use href=\"#default-icon_envelope\"><\/use><\/svg> \n                        <span itemprop=\"email\" content=\"j.heeg@schlosstorgelow.de\" class=\"nowrap\">j.heeg<wbr>@schlosstorgelow.de<\/span>\n                    <\/a>\n                              <\/div>\n                              <div class=\"personal-block__info\" itemprop=\"description\">\n                  Depuis le d\u00e9but de l&rsquo;ann\u00e9e scolaire 2021\/2022, Jan Heeg dirige la cuisine du lyc\u00e9e priv\u00e9 internat Schloss Torgelow. M. Heeg est venu de Kaiserslautern \u00e0 la r\u00e9gion des Lacs de Mecklembourg \u00e0 Torgelow am See, car la famille de sa femme vit dans la r\u00e9gion. \n\nM. Heeg est n\u00e9 en 1974 \u00e0 Zwickau. Apr\u00e8s sa formation au restaurant \u00ab Laurentius \u00bb \u00e0 Wilkau-Hasslau en Saxe, il a perfectionn\u00e9 ses comp\u00e9tences dans des restaurants et cuisines d&rsquo;\u00e9v\u00e9nements \u00e0 l&rsquo;\u00e9chelle nationale. Parmi ses exp\u00e9riences, il a travaill\u00e9 \u00e0 Baiersbronn chez Harald Wohlfahrt ainsi qu&rsquo;\u00e0 la gastronomie \u00e9v\u00e9nementielle Palazzo \u00e0 Stuttgart, Amsterdam et Nuremberg. Depuis 2014, il \u00e9tait chef de cuisine dans la gastronomie \u00e9v\u00e9nementielle du chef t\u00e9l\u00e9vis\u00e9 Peter Scharff de SWR \u00e0 Kaiserslautern.                   <\/div>\n                          <\/div>\n          <\/div>\n                  <div class=\"row  white\" itemscope itemtype=\"https:\/\/schema.org\/Person\">\n            <div class=\"col-12 offset-lg-1 col-lg-3\">\n                  <span itemprop=\"worksFor\" itemscope itemtype=\"https:\/\/schema.org\/Organization\">\n        <meta itemprop=\"name\" content=\"Schloss Torgelow \u2013 Lyc\u00e9e priv\u00e9 avec internat\" \/>\n        <meta itemprop=\"url\" content=\"https:\/\/www.schlosstorgelow.de\/fr\" \/>\n    <\/span>\n                  <div class=\"personal-block__image\">\n                                  \n<picture>\n            <source media=\"(max-width: 575.98px)\" srcset=\"https:\/\/www.schlosstorgelow.de\/wp-content\/uploads\/2025\/08\/personen-lucas-juha-ferdinand-porsch-320x320.avif 320w, https:\/\/www.schlosstorgelow.de\/wp-content\/uploads\/2025\/08\/personen-lucas-juha-ferdinand-porsch-540x540.avif 540w, https:\/\/www.schlosstorgelow.de\/wp-content\/uploads\/2025\/08\/personen-lucas-juha-ferdinand-porsch.avif 640w\" sizes=\"calc(100vw - 32px)\" type=\"image\/avif\">\n    \n            <source srcset=\"https:\/\/www.schlosstorgelow.de\/wp-content\/uploads\/2025\/08\/personen-lucas-juha-ferdinand-porsch-320x320.avif 320w, https:\/\/www.schlosstorgelow.de\/wp-content\/uploads\/2025\/08\/personen-lucas-juha-ferdinand-porsch-540x540.avif 540w, https:\/\/www.schlosstorgelow.de\/wp-content\/uploads\/2025\/08\/personen-lucas-juha-ferdinand-porsch.avif 640w\" sizes=\"(min-width: 768px) 720px, (min-width: 576px) 540px, calc(100vw - 32px)\" type=\"image\/avif\">\n    \n    \n    <img src=\"https:\/\/www.schlosstorgelow.de\/wp-content\/uploads\/2025\/08\/personen-lucas-juha-ferdinand-porsch.avif\"\n         srcset=\"https:\/\/www.schlosstorgelow.de\/wp-content\/uploads\/2025\/08\/personen-lucas-juha-ferdinand-porsch-320x320.avif 320w, https:\/\/www.schlosstorgelow.de\/wp-content\/uploads\/2025\/08\/personen-lucas-juha-ferdinand-porsch-540x540.avif 540w, https:\/\/www.schlosstorgelow.de\/wp-content\/uploads\/2025\/08\/personen-lucas-juha-ferdinand-porsch.avif 640w\"         sizes=\"auto, (min-width: 768px) 720px, (min-width: 576px) 540px, calc(100vw - 32px)\"         alt=\"Lucas Juha, Ferdinand Porsch \u2013 Sch\u00fclersprecher\"\n         title=\"Lucas Juha, Ferdinand Porsch \u2013 Sch\u00fclersprecher\"\n         width=\"640\"\n         height=\"640\"\n          loading=\"lazy\" itemprop=\"image\" decoding=\"async\">\n<\/picture>\n                              <\/div>\n            <\/div>\n            <div class=\"col-12 offset-lg-1 col-lg-6 personal-block__group\">\n              <div class=\"personal-block__content\">\n                <div class=\"h3\" itemprop=\"name\">\n                  Lucas Juha et Ferdinand Porsch                <\/div>\n                <div class=\"personal-block__position\" itemprop=\"jobTitle\">\n                  D\u00e9l\u00e9gu\u00e9 des \u00e9l\u00e8ves                <\/div>\n              <\/div>\n              <div class=\"personal-block__content personal-block__contacts\">\n                                                              <\/div>\n                              <div class=\"personal-block__info\" itemprop=\"description\">\n                  Lucas Juha (10d) et Ferdinand Porsch (10d) ont \u00e9t\u00e9 \u00e9lus d\u00e9l\u00e9gu\u00e9s des \u00e9l\u00e8ves en d\u00e9cembre 2024. Leur mandat s&rsquo;\u00e9tend de janvier \u00e0 d\u00e9cembre 2025. \n\nEn tant que d\u00e9l\u00e9gu\u00e9 des \u00e9l\u00e8ves, ils sont de droit les pr\u00e9sidents du parlement des \u00e9l\u00e8ves et organisent une vari\u00e9t\u00e9 d&rsquo;activit\u00e9s pour la communaut\u00e9 scolaire et de l&rsquo;internat.                <\/div>\n                          <\/div>\n          <\/div>\n          <\/div>\n<\/section>\n<div     class=\"custom-theme-block divider-block\">\n            <div style=\"--space: 50px;\" class=\"divider-line\">\n            <div class=\"divider-line__icon\">\n                <?xml version=\"1.0\" encoding=\"UTF-8\"?>\n<svg id=\"Layer_1\" xmlns=\"http:\/\/www.w3.org\/2000\/svg\" version=\"1.1\" viewBox=\"0 0 445.783 200.0322\" class=\"icon theme-torgelow-schloss-logo-ansicht\" role=\"presentation\">\n  <!-- Generator: Adobe Illustrator 29.2.1, SVG Export Plug-In . SVG Version: 2.1.0 Build 116)  -->\n  <path d=\"M128.913,119.749H16.8657c-1.3303,0-2.4172,1.0537-2.4172,2.3789s1.0869,2.3794,2.4172,2.3794h112.0473c1.3302,0,2.4171-1.0698,2.4171-2.3794s-1.0869-2.3789-2.4171-2.3789Z\"\/>\n  <path d=\"M163.6774,170.7162h-3.3418v-30.4019c0-.4307-.3569-.7822-.7949-.7822h-17.0333c-.4381,0-.7949.3516-.7949.7822v30.4019h-3.3094c-.438,0-.7948.3516-.7948.7822v2.2993c0,.4312.3568.7827.7948.7827h3.861c.0811.0156.1622.0317.2434.0317h17.0333c.0812,0,.1622-.0161.2433-.0317h3.8934c.438,0,.7948-.3516.7948-.7827v-2.2993c0-.4307-.3568-.7822-.7948-.7822Z\"\/>\n  <path d=\"M237.2454,77.0522h-12.7668c-.438,0-.7949.3516-.7949.7827v24.5737h-2.3036c-.438,0-.7949.3511-.7949.7822v1.8521c0,.4312.3569.7827.7949.7827h2.8389c.0812.0156.1622.0317.2596.0317h12.7668c.0812,0,.1622-.0161.2434-.0317h2.8389c.438,0,.7949-.3516.7949-.7827v-1.8521c0-.4312-.3569-.7822-.7949-.7822h-2.2874v-24.5737c0-.4312-.3569-.7827-.7949-.7827Z\"\/>\n  <path d=\"M445.7505,83.7587l-.0487-17.2925c0-21.4443-14.3405-38.8804-31.9904-38.8804s-31.3252,16.7817-31.8929,37.9702l-84.0963-36.5171h-13.9512c-.1622-1.0698-.2434-1.8682-.2434-1.8843,0-1.2773-1.0707-2.3154-2.3684-2.3154h-10.1876c-.9896-2.6665-3.423-7.8398-8.6627-12.4702-5.4507-4.8379-16.8875-13.0293-31.1306-12.3267-14.6162-.5269-25.8583,7.5366-31.2765,12.3267-5.2236,4.6304-7.6732,9.8037-8.6627,12.4702h-10.1714c-1.2979,0-2.3522,1.0381-2.3684,2.3154,0,.0161-.0812,1.1177-.3732,2.6348l-15.1029.1753-52.5116,22.9292h-34.0505c-.5677,0-1.1356.2075-1.5736.5747-.0162.0322-3.1471,2.6826-13.5618,8.4468-10.4148,5.7642-28.9568,9.0854-29.1353,9.1172-.7787.144-1.4276.6387-1.7358,1.3574,0,0-7.9813,17.6279-11.8098,25.2759-4.2665,6.0039-17.6012,14.1948-17.731,14.2749-.8923.5591-1.314,1.6284-1.022,2.6348.292.9897,1.2167,1.6924,2.2711,1.6924l129.4701-.0317c1.2329,0,2.2711-.9424,2.3522-2.1558.0812-1.2134-.7948-2.2993-2.0116-2.4751-.0323,0-3.8284-.6865-3.8608-2.6025-.0325-2.2036.146-3.7202,3.8285-4.918,8.4355-2.7944,22.5814-7.4565,29.3623-21.2363,4.007-7.1694,3.715-24.8931,3.6987-25.3398l.5353-4.6309h13.4482c1.3141,0,2.3685-1.0376,2.3685-2.3311v-2.6826c0-1.2935-1.0544-2.3311-2.3685-2.3311h-4.7045c1.5411-.9263,3.0175-2.1558,4.2017-4.0557.373-.6069.6327-1.1655.9572-1.7407,1.4275-2.0596,2.1737-3.896,2.417-5.333.6489-1.9478,1.0221-3.6406,1.2006-4.8857h9.7657c1.0869,0,2.0441-.7505,2.3036-1.7886.0162-.064,1.6709-6.4507,7.8029-11.8794,4.8992-4.3271,15.1355-11.6245,28.1295-11.145,12.3127-.4155,21.9325,5.812,27.9672,11.145,6.1158,5.4287,7.7705,11.8154,7.803,11.8794.2595,1.0381,1.2004,1.7886,2.2874,1.7886h9.7657c.1298.8462.3732,1.9478.6976,3.1616.0811,1.4526.6975,3.688,2.4495,6.2432.4219.8462.8436,1.6924,1.3953,2.5703.876,1.3892,1.8492,2.4434,2.8713,3.3374h-3.6987c-1.314,0-2.3684,1.0381-2.3684,2.3311v2.6826c0,1.2935,1.0544,2.3311,2.3684,2.3311h13.4645l.5192,4.3271c0,.7505-.3083,18.4741,3.6338,25.5479,6.8296,13.8755,20.9753,18.5381,30.3193,21.6357,2.774.9258,2.9525,2.4268,2.9038,4.6304-.0323,1.8999-3.8284,2.5708-3.8608,2.5864-1.2329.1919-2.0927,1.2617-2.0116,2.4912.1136,1.1973,1.1193,2.1553,2.3522,2.1553h52.4305c1.314,0,2.3684-1.0376,2.3684-2.3311v-28.6294h60.0712c.438,0,.7949-.3511.7949-.7822l-.0325-.0479Z\"\/>\n  <path d=\"M199.4961,102.4086h-2.2874v-24.5737c0-.4312-.3568-.7827-.7948-.7827h-12.7507c-.438,0-.7949.3516-.7949.7827v24.5737h-2.3036c-.438,0-.7949.3511-.7949.7822v1.8521c0,.4312.3569.7827.7949.7827h2.8389c.0812.0156.1624.0317.2596.0317h12.7507c.0811,0,.1622-.0161.2433-.0317h2.8389c.438,0,.7949-.3516.7949-.7827v-1.8521c0-.4312-.3569-.7822-.7949-.7822Z\"\/>\n  <path d=\"M413.7277,23.8178c4.007,0,7.2677-3.4014,7.2677-7.5527,0-4.1675-3.2607-7.5527-7.2677-7.5527s-7.2676,3.3853-7.2676,7.5527,3.2606,7.5527,7.2676,7.5527Z\"\/>\n  <path d=\"M13.8483,133.7363v62.0327c0,1.4688,1.2005,2.6348,2.6767,2.6348s2.6767-1.1816,2.6767-2.6348v-62.0327c0-2.9224-5.3534-2.9224-5.3534,0Z\"\/>\n  <path d=\"M85.4372,170.7162h-3.3418v-30.4019c0-.4307-.3569-.7822-.7949-.7822h-17.0171c-.4381,0-.7949.3516-.7949.7822v30.4019h-3.3418c-.438,0-.7949.3516-.7949.7822v2.2993c0,.4312.3569.7827.7949.7827h3.8771c.0812.0156.1622.0317.2596.0317h17.0171c.0812,0,.1622-.0161.2434-.0317h3.8933c.438,0,.7949-.3516.7949-.7827v-2.2993c0-.4307-.3569-.7822-.7949-.7822Z\"\/>\n  <path d=\"M241.9336,170.7162h-3.3256v-30.4019c0-.4307-.3568-.7822-.7948-.7822h-17.0334c-.438,0-.7949.3516-.7949.7822v30.4019h-3.3256c-.438,0-.7949.3516-.7949.7822v2.2993c0,.4312.3569.7827.7949.7827h3.861s.1622.0317.2595.0317h17.0334c.0811,0,.1622-.0161.2433-.0317h3.8771c.438,0,.7949-.3516.7949-.7827v-2.2993c0-.4307-.3569-.7822-.7949-.7822Z\"\/>\n  <path d=\"M441.9869,93.8339c1.3302,0,2.4171-1.0698,2.4171-2.3789s-1.0707-2.3794-2.4171-2.3794h-51.5544c-1.3302,0-2.401,1.0698-2.401,2.3794s1.0708,2.3789,2.401,2.3789h51.5544Z\"\/>\n  <path d=\"M399.9387,170.7162h-3.3418v-30.4019c0-.4307-.3569-.7822-.7949-.7822h-17.0333c-.438,0-.7949.3516-.7949.7822v30.4019h-3.3256c-.438,0-.7949.3516-.7949.7822v2.2993c0,.4312.3569.7827.7949.7827h3.8772s.1621.0317.2433.0317h17.0333c.0812,0,.1622-.0161.2434-.0317h3.8933c.438,0,.7949-.3516.7949-.7827v-2.2993c0-.4307-.3569-.7822-.7949-.7822Z\"\/>\n  <path d=\"M442.214,99.7416c-1.4762,0-2.6766,1.1816-2.6766,2.6348v.0161l-.146,95.0049c0,1.4531,1.2004,2.6348,2.6766,2.6348s2.6766-1.1816,2.6766-2.6348l.146-95.0049c0-1.4531-1.2004-2.6509-2.6766-2.6509Z\"\/>\n  <path d=\"M385.2737,122.144c0-1.3096-1.0706-2.3794-2.417-2.3794h-51.5544c-1.3303,0-2.4171,1.0542-2.4171,2.3794,0,1.3091,1.0707,2.3789,2.4171,2.3789h51.5544c1.3302,0,2.417-1.0698,2.417-2.3789Z\"\/>\n  <path d=\"M230.8376,32.5995c-8.6952,0-13.5944,8.207-13.8052,8.5586-.2109.3511-.3082.7505-.3082,1.1494v5.0298c0,1.2773,1.0544,2.3311,2.3684,2.3311h2.1089c.9896,3.2095,3.8934,6.6587,9.6361,6.6587s8.5815-3.4492,9.4738-6.6743h2.2711v-.0161c1.314,0,2.3684-1.0381,2.3684-2.3311v-4.998c0-.415-.1135-.7983-.3243-1.1655-.1947-.3511-5.0939-8.5425-13.7889-8.5425Z\"\/>\n  <path d=\"M281.1592,102.4086h-2.3036v-24.5737c0-.4312-.3569-.7827-.7949-.7827h-12.767c-.438,0-.7948.3516-.7948.7827v24.5737h-2.2874c-.4381,0-.7949.3511-.7949.7822v1.8521c0,.4312.3568.7827.7949.7827h2.8389s.1622.0317.2433.0317h12.767c.0812,0,.1622-.0161.2434-.0317h2.8551c.438,0,.7949-.3516.7949-.7827v-1.8521c0-.4312-.3569-.7822-.7949-.7822Z\"\/>\n  <path d=\"M320.2062,170.7162h-3.3418v-30.4019c0-.4307-.3568-.7822-.7948-.7822h-17.0334c-.438,0-.7949.3516-.7949.7822v30.4019h-3.3256c-.438,0-.7949.3516-.7949.7822v2.2993c0,.4312.3569.7827.7949.7827h3.8771s.146.0317.2434.0317h17.0334c.0811,0,.1621-.0161.2433-.0317h3.8933c.438,0,.7949-.3516.7949-.7827v-2.2993c0-.4307-.3569-.7822-.7949-.7822Z\"\/>\n<\/svg>            <\/div>\n        <\/div>\n    \n    <\/div>\n<section  class=\"custom-theme-block contact-list\">\n  <div class=\"contact-list__wrapper\">\n    <div class=\"container\">\n      <div class=\"row\">\n        <div class=\"col-12 col-xxl-10 offset-xxl-1\">\n          <h2 class=\"h2 contact-list__title\">Repr\u00e9sentant des parents<\/h2>\n          <div class=\"contact-list__persons\">\n                              <div class=\"contact-list__person\" itemscope itemtype=\"https:\/\/schema.org\/Person\">\n                    <div class=\"h3\" itemprop=\"name\">\n                      Dr. Kerstin Freitag                    <\/div>\n                                          <ul class=\"contact-list__items\">\n                          \n                          <li itemprop=\"address\"><svg class=\"icon default-location \" role=\"presentation\"><use href=\"#default-location\"><\/use><\/svg> 32683 Barntrup<\/li>\n                                                                        <li>\n                          <svg class=\"icon default-phone \" role=\"presentation\"><use href=\"#default-phone\"><\/use><\/svg>                          <a href=\"tel:\">\n                            <span itemprop=\"telephone\" content=\"+4952632410\">+49 5263 2410<\/span>\n                          <\/a>\n                        <\/li>\n                                              <\/ul>\n                                      <\/div>\n                                  <div class=\"contact-list__person\" itemscope itemtype=\"https:\/\/schema.org\/Person\">\n                    <div class=\"h3\" itemprop=\"name\">\n                      Dr. Manuela Astfalck                    <\/div>\n                                          <ul class=\"contact-list__items\">\n                          \n                          <li itemprop=\"address\"><svg class=\"icon default-location \" role=\"presentation\"><use href=\"#default-location\"><\/use><\/svg> 17192 Peenehagen<\/li>\n                                                                      <\/ul>\n                                      <\/div>\n                                  <div class=\"contact-list__person\" itemscope itemtype=\"https:\/\/schema.org\/Person\">\n                    <div class=\"h3\" itemprop=\"name\">\n                      Dr. Daniela Eska                    <\/div>\n                                          <ul class=\"contact-list__items\">\n                          \n                          <li itemprop=\"address\"><svg class=\"icon default-location \" role=\"presentation\"><use href=\"#default-location\"><\/use><\/svg>  18334 Bad S\u00fclze<\/li>\n                                                                      <\/ul>\n                                      <\/div>\n                                  <div class=\"contact-list__person\" itemscope itemtype=\"https:\/\/schema.org\/Person\">\n                    <div class=\"h3\" itemprop=\"name\">\n                      Bettina Niederquell                    <\/div>\n                                          <ul class=\"contact-list__items\">\n                          \n                          <li itemprop=\"address\"><svg class=\"icon default-location \" role=\"presentation\"><use href=\"#default-location\"><\/use><\/svg> 23923 Herrnburg<\/li>\n                                                                      <\/ul>\n                                      <\/div>\n                            <\/div>\n          <\/div>\n      <\/div>\n    <\/div>\n  <\/div>\n<\/section>\n<section  class=\"custom-theme-block info-details\">\n  <div class=\"container\">\n    <div class=\"row\">\n      <div class=\"col-12 offset-lg-1 col-lg-9 col-xl-8 col-xxl-7 info-details__left\">\n                  <h2 class=\"h2 info-details__title\">\n            Cercle d&rsquo;amis du lyc\u00e9e priv\u00e9 internat Schloss Torgelow e. V.          <\/h2>\n              <\/div>\n    <\/div>\n    <div class=\"row\">\n      <div class=\"col-12 offset-lg-1 col-lg-5 info-details__left\">\n        <div class=\"info-details__content\">\n                      <div class=\"info-details__content\">\n              <p>Le cercle d&rsquo;amis du gymnase priv\u00e9 internat du Schloss Torgelow est une association \u00e0 but non lucratif qui soutient financi\u00e8rement les \u00e9l\u00e8ves de l&rsquo;internat.<\/p>\n<p>Il s&rsquo;est fix\u00e9 pour objectif de soutenir la communaut\u00e9 des \u00e9l\u00e8ves, en particulier l\u00e0 o\u00f9 un soutien a un impact durable et global. En devenant membre du cercle des amis ou en faisant un don, vous soutenez \u00e0 la fois des projets scolaires, ainsi que des activit\u00e9s culturelles, sportives ou d&rsquo;autres activit\u00e9s \u00e0 but non lucratif au Schloss Torgelow. <\/p>\n<p>Gr\u00e2ce au soutien des membres du cercle d&rsquo;amis et d&rsquo;autres sponsors et amis de l&rsquo;\u00e9cole, de nombreuses subventions et projets, petits et grands, ont pu \u00eatre r\u00e9alis\u00e9s depuis 1996.<\/p>\n<h3>Conseil d&rsquo;administration<\/h3>\n<p>Rainer Hake, Dr. Frank J\u00fcrgens, Dr. Jan Eska<\/p>\n<h3>Contactez-nous<\/h3>\n<p>Schloss 1<br \/>\n17192 Torgelow am See<\/p>\n<p>info@freundeskreis-torgelow.de<\/p>\n<p>&nbsp;<\/p>\n            <\/div>\n                  <\/div>\n                  <div class=\"col-12\">\n            <a class=\"custom-btn btn-primary\" target=\"_blank\" href=\"https:\/\/freundeskreis.schlosstorgelow.de\/\">freundeskreis.schlosstorgelow.de<\/a>\n          <\/div>\n              <\/div>\n      <div class=\"col-12 offset-sm-2 col-sm-8 offset-lg-1 col-lg-4\">\n        <div class=\"image_wrapper\">\n                      \n<picture>\n            <source media=\"(max-width: 575.98px)\" srcset=\"https:\/\/www.schlosstorgelow.de\/wp-content\/uploads\/2025\/07\/freundeskreis_motiv-214x214.jpg 214w, https:\/\/www.schlosstorgelow.de\/wp-content\/uploads\/2025\/07\/freundeskreis_motiv-320x320.jpg 320w, https:\/\/www.schlosstorgelow.de\/wp-content\/uploads\/2025\/07\/freundeskreis_motiv-428x428.jpg 428w, https:\/\/www.schlosstorgelow.de\/wp-content\/uploads\/2025\/07\/freundeskreis_motiv-640x640.jpg 640w\" sizes=\"calc(100vw - 32px)\" type=\"image\/avif\">\n    \n            <source srcset=\"https:\/\/www.schlosstorgelow.de\/wp-content\/uploads\/2025\/07\/freundeskreis_motiv-214x214.jpg 214w, https:\/\/www.schlosstorgelow.de\/wp-content\/uploads\/2025\/07\/freundeskreis_motiv-320x320.jpg 320w, https:\/\/www.schlosstorgelow.de\/wp-content\/uploads\/2025\/07\/freundeskreis_motiv-428x428.jpg 428w, https:\/\/www.schlosstorgelow.de\/wp-content\/uploads\/2025\/07\/freundeskreis_motiv-480x480.jpg 480w, https:\/\/www.schlosstorgelow.de\/wp-content\/uploads\/2025\/07\/freundeskreis_motiv-640x640.jpg 640w, https:\/\/www.schlosstorgelow.de\/wp-content\/uploads\/2025\/07\/freundeskreis_motiv.jpg 800w\" sizes=\"(min-width: 768px) 720px, (min-width: 576px) 540px, calc(100vw - 32px)\" type=\"image\/avif\">\n    \n    \n    <img src=\"https:\/\/www.schlosstorgelow.de\/wp-content\/uploads\/2025\/07\/freundeskreis_motiv-480x480.jpg\"\n         srcset=\"https:\/\/www.schlosstorgelow.de\/wp-content\/uploads\/2025\/07\/freundeskreis_motiv-214x214.jpg 214w, https:\/\/www.schlosstorgelow.de\/wp-content\/uploads\/2025\/07\/freundeskreis_motiv-320x320.jpg 320w, https:\/\/www.schlosstorgelow.de\/wp-content\/uploads\/2025\/07\/freundeskreis_motiv-428x428.jpg 428w, https:\/\/www.schlosstorgelow.de\/wp-content\/uploads\/2025\/07\/freundeskreis_motiv-480x480.jpg 480w, https:\/\/www.schlosstorgelow.de\/wp-content\/uploads\/2025\/07\/freundeskreis_motiv-640x640.jpg 640w, https:\/\/www.schlosstorgelow.de\/wp-content\/uploads\/2025\/07\/freundeskreis_motiv.jpg 800w\"         sizes=\"auto, (min-width: 768px) 720px, (min-width: 576px) 540px, calc(100vw - 32px)\"         alt=\"Freundeskreis des privaten Internatsgymnasiums\u2028Schloss Torgelow e. V.\"\n         title=\"Freundeskreis des privaten Internatsgymnasiums\u2028Schloss Torgelow e. V.\"\n         width=\"480\"\n         height=\"480\"\n          loading=\"lazy\" decoding=\"async\">\n<\/picture>\n                  <\/div>\n      <\/div>\n    <\/div>\n  <\/div>\n<\/section>","protected":false},"excerpt":{"rendered":"","protected":false},"author":1,"featured_media":0,"parent":0,"menu_order":0,"comment_status":"closed","ping_status":"closed","template":"","meta":{"_acf_changed":false,"footnotes":""},"class_list":["post-83341","page","type-page","status-publish"],"acf":[],"yoast_head":"<!-- This site is optimized with the Yoast SEO plugin v26.9 - https:\/\/yoast.com\/product\/yoast-seo-wordpress\/ -->\n<title>Communaut\u00e9 scolaire &amp; Engag\u00e9s - Schloss Torgelow<\/title>\n<meta name=\"description\" content=\"Chef cuisinier, d\u00e9l\u00e9gu\u00e9 des \u00e9l\u00e8ves, repr\u00e9sentants des parents et cercle d\u2019amis : la communaut\u00e9 scolaire du Schloss Torgelow\" \/>\n<meta name=\"robots\" content=\"index, follow, max-snippet:-1, max-image-preview:large, max-video-preview:-1\" \/>\n<link rel=\"canonical\" href=\"https:\/\/www.schlosstorgelow.de\/fr\/communaute-scolaire-engages\" \/>\n<meta property=\"og:locale\" content=\"fr_FR\" \/>\n<meta property=\"og:type\" content=\"article\" \/>\n<meta property=\"og:title\" content=\"Communaut\u00e9 scolaire &amp; Engag\u00e9s - Schloss Torgelow\" \/>\n<meta property=\"og:description\" content=\"Chef cuisinier, d\u00e9l\u00e9gu\u00e9 des \u00e9l\u00e8ves, repr\u00e9sentants des parents et cercle d\u2019amis : la communaut\u00e9 scolaire du Schloss Torgelow\" \/>\n<meta property=\"og:url\" content=\"https:\/\/www.schlosstorgelow.de\/fr\/communaute-scolaire-engages\" \/>\n<meta property=\"og:site_name\" content=\"Schloss Torgelow\" \/>\n<meta property=\"article:modified_time\" content=\"2026-01-29T07:02:34+00:00\" \/>\n<meta name=\"twitter:card\" content=\"summary_large_image\" \/>\n<script type=\"application\/ld+json\" class=\"yoast-schema-graph\">{\"@context\":\"https:\/\/schema.org\",\"@graph\":[{\"@type\":\"WebPage\",\"@id\":\"https:\/\/www.schlosstorgelow.de\/fr\/communaute-scolaire-engages#webpage\",\"url\":\"https:\/\/www.schlosstorgelow.de\/fr\/communaute-scolaire-engages\",\"name\":\"Communaut\u00e9 scolaire &amp; Engag\u00e9s - Schloss Torgelow\",\"isPartOf\":{\"@id\":\"https:\/\/www.schlosstorgelow.de\/fr#website\"},\"datePublished\":\"2025-07-21T19:59:35+00:00\",\"dateModified\":\"2026-01-29T07:02:34+00:00\",\"description\":\"Chef cuisinier, d\u00e9l\u00e9gu\u00e9 des \u00e9l\u00e8ves, repr\u00e9sentants des parents et cercle d\u2019amis : la communaut\u00e9 scolaire du Schloss Torgelow\",\"breadcrumb\":{\"@id\":\"https:\/\/www.schlosstorgelow.de\/fr\/communaute-scolaire-engages#breadcrumb\"},\"inLanguage\":\"fr-FR\",\"potentialAction\":[{\"@type\":\"ReadAction\",\"target\":[\"https:\/\/www.schlosstorgelow.de\/fr\/communaute-scolaire-engages\"]}]},{\"@type\":\"BreadcrumbList\",\"@id\":\"https:\/\/www.schlosstorgelow.de\/fr\/communaute-scolaire-engages#breadcrumb\",\"itemListElement\":[{\"@type\":\"ListItem\",\"position\":1,\"name\":\"Startseite\",\"item\":\"https:\/\/www.schlosstorgelow.de\/fr\"},{\"@type\":\"ListItem\",\"position\":2,\"name\":\"Communaut\u00e9 scolaire &amp; Engag\u00e9s\"}]},{\"@type\":\"WebSite\",\"@id\":\"https:\/\/www.schlosstorgelow.de\/fr#website\",\"url\":\"https:\/\/www.schlosstorgelow.de\/fr\",\"name\":\"Schloss Torgelow\",\"description\":\"Le lyc\u00e9e priv\u00e9 Schloss Torgelow \u2013 l'internat pour les \u00e9l\u00e8ves en qu\u00eate de d\u00e9fis.\",\"potentialAction\":[{\"@type\":\"SearchAction\",\"target\":{\"@type\":\"EntryPoint\",\"urlTemplate\":\"https:\/\/www.schlosstorgelow.de\/fr?s={search_term_string}\"},\"query-input\":{\"@type\":\"PropertyValueSpecification\",\"valueRequired\":true,\"valueName\":\"search_term_string\"}}],\"inLanguage\":\"fr-FR\"}]}<\/script>\n<!-- \/ Yoast SEO plugin. -->","yoast_head_json":{"title":"Communaut\u00e9 scolaire &amp; Engag\u00e9s - Schloss Torgelow","description":"Chef cuisinier, d\u00e9l\u00e9gu\u00e9 des \u00e9l\u00e8ves, repr\u00e9sentants des parents et cercle d\u2019amis : la communaut\u00e9 scolaire du Schloss Torgelow","robots":{"index":"index","follow":"follow","max-snippet":"max-snippet:-1","max-image-preview":"max-image-preview:large","max-video-preview":"max-video-preview:-1"},"canonical":"https:\/\/www.schlosstorgelow.de\/fr\/communaute-scolaire-engages","og_locale":"fr_FR","og_type":"article","og_title":"Communaut\u00e9 scolaire &amp; Engag\u00e9s - Schloss Torgelow","og_description":"Chef cuisinier, d\u00e9l\u00e9gu\u00e9 des \u00e9l\u00e8ves, repr\u00e9sentants des parents et cercle d\u2019amis : la communaut\u00e9 scolaire du Schloss Torgelow","og_url":"https:\/\/www.schlosstorgelow.de\/fr\/communaute-scolaire-engages","og_site_name":"Schloss Torgelow","article_modified_time":"2026-01-29T07:02:34+00:00","twitter_card":"summary_large_image","schema":{"@context":"https:\/\/schema.org","@graph":[{"@type":"WebPage","@id":"https:\/\/www.schlosstorgelow.de\/fr\/communaute-scolaire-engages#webpage","url":"https:\/\/www.schlosstorgelow.de\/fr\/communaute-scolaire-engages","name":"Communaut\u00e9 scolaire &amp; Engag\u00e9s - Schloss Torgelow","isPartOf":{"@id":"https:\/\/www.schlosstorgelow.de\/fr#website"},"datePublished":"2025-07-21T19:59:35+00:00","dateModified":"2026-01-29T07:02:34+00:00","description":"Chef cuisinier, d\u00e9l\u00e9gu\u00e9 des \u00e9l\u00e8ves, repr\u00e9sentants des parents et cercle d\u2019amis : la communaut\u00e9 scolaire du Schloss Torgelow","breadcrumb":{"@id":"https:\/\/www.schlosstorgelow.de\/fr\/communaute-scolaire-engages#breadcrumb"},"inLanguage":"fr-FR","potentialAction":[{"@type":"ReadAction","target":["https:\/\/www.schlosstorgelow.de\/fr\/communaute-scolaire-engages"]}]},{"@type":"BreadcrumbList","@id":"https:\/\/www.schlosstorgelow.de\/fr\/communaute-scolaire-engages#breadcrumb","itemListElement":[{"@type":"ListItem","position":1,"name":"Startseite","item":"https:\/\/www.schlosstorgelow.de\/fr"},{"@type":"ListItem","position":2,"name":"Communaut\u00e9 scolaire &amp; Engag\u00e9s"}]},{"@type":"WebSite","@id":"https:\/\/www.schlosstorgelow.de\/fr#website","url":"https:\/\/www.schlosstorgelow.de\/fr","name":"Schloss Torgelow","description":"Le lyc\u00e9e priv\u00e9 Schloss Torgelow \u2013 l'internat pour les \u00e9l\u00e8ves en qu\u00eate de d\u00e9fis.","potentialAction":[{"@type":"SearchAction","target":{"@type":"EntryPoint","urlTemplate":"https:\/\/www.schlosstorgelow.de\/fr?s={search_term_string}"},"query-input":{"@type":"PropertyValueSpecification","valueRequired":true,"valueName":"search_term_string"}}],"inLanguage":"fr-FR"}]}},"block_visibility_meta":[],"_links":{"self":[{"href":"https:\/\/www.schlosstorgelow.de\/fr\/wp-json\/wp\/v2\/pages\/83341","targetHints":{"allow":["GET"]}}],"collection":[{"href":"https:\/\/www.schlosstorgelow.de\/fr\/wp-json\/wp\/v2\/pages"}],"about":[{"href":"https:\/\/www.schlosstorgelow.de\/fr\/wp-json\/wp\/v2\/types\/page"}],"author":[{"embeddable":true,"href":"https:\/\/www.schlosstorgelow.de\/fr\/wp-json\/wp\/v2\/users\/1"}],"replies":[{"embeddable":true,"href":"https:\/\/www.schlosstorgelow.de\/fr\/wp-json\/wp\/v2\/comments?post=83341"}],"version-history":[{"count":0,"href":"https:\/\/www.schlosstorgelow.de\/fr\/wp-json\/wp\/v2\/pages\/83341\/revisions"}],"wp:attachment":[{"href":"https:\/\/www.schlosstorgelow.de\/fr\/wp-json\/wp\/v2\/media?parent=83341"}],"curies":[{"name":"wp","href":"https:\/\/api.w.org\/{rel}","templated":true}]}}